{"version":"1.0","provider_name":"Bureau de la vie \u00e9tudiante","provider_url":"https:\/\/www.bve.ulaval.ca\/en\/","title":"Journ\u00e9e de la recherche de l'\u00c6LI\u00c9S | Bureau de la vie \u00e9tudiante","type":"rich","width":600,"height":338,"html":"<blockquote class=\"wp-embedded-content\" data-secret=\"i3bkHt1QqA\"><a href=\"https:\/\/www.bve.ulaval.ca\/en\/nouvelles\/journee-de-la-recherche-de-l-aelies\/\">Journ\u00e9e de la recherche de l&#8217;\u00c6LI\u00c9S<\/a><\/blockquote><iframe sandbox=\"allow-scripts\" security=\"restricted\" src=\"https:\/\/www.bve.ulaval.ca\/en\/nouvelles\/journee-de-la-recherche-de-l-aelies\/embed\/#?secret=i3bkHt1QqA\" width=\"600\" height=\"338\" title=\"&#8220;Journ\u00e9e de la recherche de l&#8217;\u00c6LI\u00c9S&#8221; &#8212; Bureau de la vie \u00e9tudiante\" data-secret=\"i3bkHt1QqA\" frameborder=\"0\" marginwidth=\"0\" marginheight=\"0\" scrolling=\"no\" class=\"wp-embedded-content\"><\/iframe><script type=\"text\/javascript\">\n\/* <![CDATA[ *\/\n\/*! This file is auto-generated *\/\n!function(d,l){\"use strict\";l.querySelector&&d.addEventListener&&\"undefined\"!=typeof URL&&(d.wp=d.wp||{},d.wp.receiveEmbedMessage||(d.wp.receiveEmbedMessage=function(e){var t=e.data;if((t||t.secret||t.message||t.value)&&!\/[^a-zA-Z0-9]\/.test(t.secret)){for(var s,r,n,a=l.querySelectorAll('iframe[data-secret=\"'+t.secret+'\"]'),o=l.querySelectorAll('blockquote[data-secret=\"'+t.secret+'\"]'),c=new RegExp(\"^https?:$\",\"i\"),i=0;i<o.length;i++)o[i].style.display=\"none\";for(i=0;i<a.length;i++)s=a[i],e.source===s.contentWindow&&(s.removeAttribute(\"style\"),\"height\"===t.message?(1e3<(r=parseInt(t.value,10))?r=1e3:~~r<200&&(r=200),s.height=r):\"link\"===t.message&&(r=new URL(s.getAttribute(\"src\")),n=new URL(t.value),c.test(n.protocol))&&n.host===r.host&&l.activeElement===s&&(d.top.location.href=t.value))}},d.addEventListener(\"message\",d.wp.receiveEmbedMessage,!1),l.addEventListener(\"DOMContentLoaded\",function(){for(var e,t,s=l.querySelectorAll(\"iframe.wp-embedded-content\"),r=0;r<s.length;r++)(t=(e=s[r]).getAttribute(\"data-secret\"))||(t=Math.random().toString(36).substring(2,12),e.src+=\"#?secret=\"+t,e.setAttribute(\"data-secret\",t)),e.contentWindow.postMessage({message:\"ready\",secret:t},\"*\")},!1)))}(window,document);\n\/\/# sourceURL=https:\/\/www.bve.ulaval.ca\/wp-includes\/js\/wp-embed.min.js\n\/* ]]> *\/\n<\/script>\n","description":"L\u2019Association des \u00e9tudiantes et \u00e9tudiants de Laval inscrits aux \u00e9tudes sup\u00e9rieures (\u00c6LI\u00c9S) invite les \u00e9tudiantes et \u00e9tudiants \u00e0 prendre part \u00e0 la 7e \u00e9dition de la Journ\u00e9e de la recherche sous le th\u00e8me &#8220;Faire de la recherche autrement: parcours, r\u00e9alit\u00e9s et sens&#8221; le 24 mars prochain de 9h \u00e0 16h au Cercle (ADJ-4514) du pavillon [&hellip;]","thumbnail_url":"https:\/\/www.bve.ulaval.ca\/wp-content\/uploads\/2025\/01\/journee-recherche-7.jpg","thumbnail_width":1293,"thumbnail_height":1034}